{"id":167,"date":"2023-09-12T23:12:05","date_gmt":"2023-09-12T23:12:05","guid":{"rendered":"https:\/\/amtransport.weblicious.io\/?page_id=167"},"modified":"2023-09-14T00:46:25","modified_gmt":"2023-09-14T00:46:25","slug":"systematiskt-arbetsmiljoarbete","status":"publish","type":"page","link":"https:\/\/amtransport.se\/?page_id=167","title":{"rendered":"Systematiskt arbetsmilj\u00f6arbete"},"content":{"rendered":"\t\t<div data-elementor-type=\"wp-page\" data-elementor-id=\"167\" class=\"elementor elementor-167\" data-elementor-post-type=\"page\">\n\t\t\t\t\t\t<section class=\"elementor-section elementor-top-section elementor-element elementor-element-2c7a7f0c elementor-section-height-min-height elementor-section-boxed elementor-section-height-default elementor-section-items-middle\" data-id=\"2c7a7f0c\" data-element_type=\"section\" data-e-type=\"section\" data-settings=\"{&quot;jet_parallax_layout_list&quot;:[],&quot;background_background&quot;:&quot;classic&quot;,&quot;shape_divider_bottom&quot;:&quot;opacity-tilt&quot;}\">\n\t\t\t\t\t\t\t<div class=\"elementor-background-overlay\"><\/div>\n\t\t\t\t\t\t<div class=\"elementor-shape elementor-shape-bottom\" aria-hidden=\"true\" data-negative=\"false\">\n\t\t\t<svg xmlns=\"http:\/\/www.w3.org\/2000\/svg\" viewBox=\"0 0 2600 131.1\" preserveAspectRatio=\"none\">\n\t<path class=\"elementor-shape-fill\" d=\"M0 0L2600 0 2600 69.1 0 0z\"\/>\n\t<path class=\"elementor-shape-fill\" style=\"opacity:0.5\" d=\"M0 0L2600 0 2600 69.1 0 69.1z\"\/>\n\t<path class=\"elementor-shape-fill\" style=\"opacity:0.25\" d=\"M2600 0L0 0 0 130.1 2600 69.1z\"\/>\n<\/svg>\t\t<\/div>\n\t\t\t\t\t<div class=\"elementor-container elementor-column-gap-default\">\n\t\t\t\t\t<div class=\"elementor-column elementor-col-100 elementor-top-column elementor-element elementor-element-40bec23d\" data-id=\"40bec23d\" data-element_type=\"column\" data-e-type=\"column\">\n\t\t\t<div class=\"elementor-widget-wrap elementor-element-populated\">\n\t\t\t\t\t\t<div class=\"elementor-element elementor-element-42bdd256 elementor-widget elementor-widget-heading\" data-id=\"42bdd256\" data-element_type=\"widget\" data-e-type=\"widget\" data-widget_type=\"heading.default\">\n\t\t\t\t<div class=\"elementor-widget-container\">\n\t\t\t\t\t<h1 class=\"elementor-heading-title elementor-size-default\">Systematiskt arbetsmilj\u00f6arbete<\/h1>\t\t\t\t<\/div>\n\t\t\t\t<\/div>\n\t\t\t\t\t<\/div>\n\t\t<\/div>\n\t\t\t\t\t<\/div>\n\t\t<\/section>\n\t\t\t\t<section class=\"elementor-section elementor-top-section elementor-element elementor-element-d36e7fd elementor-section-boxed elementor-section-height-default elementor-section-height-default\" data-id=\"d36e7fd\" data-element_type=\"section\" data-e-type=\"section\" data-settings=\"{&quot;jet_parallax_layout_list&quot;:[]}\">\n\t\t\t\t\t\t<div class=\"elementor-container elementor-column-gap-default\">\n\t\t\t\t\t<div class=\"elementor-column elementor-col-50 elementor-top-column elementor-element elementor-element-3efe219\" data-id=\"3efe219\" data-element_type=\"column\" data-e-type=\"column\">\n\t\t\t<div class=\"elementor-widget-wrap elementor-element-populated\">\n\t\t\t\t\t\t<div class=\"elementor-element elementor-element-23ee67f elementor-widget elementor-widget-heading\" data-id=\"23ee67f\" data-element_type=\"widget\" data-e-type=\"widget\" data-widget_type=\"heading.default\">\n\t\t\t\t<div class=\"elementor-widget-container\">\n\t\t\t\t\t<h3 class=\"elementor-heading-title elementor-size-default\">Arbetsmilj\u00f6policy  <\/h3>\t\t\t\t<\/div>\n\t\t\t\t<\/div>\n\t\t\t\t<div class=\"elementor-element elementor-element-3571940 elementor-widget elementor-widget-text-editor\" data-id=\"3571940\" data-element_type=\"widget\" data-e-type=\"widget\" data-widget_type=\"text-editor.default\">\n\t\t\t\t<div class=\"elementor-widget-container\">\n\t\t\t\t\t\t\t\t\t<p><em>En god och s\u00e4ker arbetsmilj\u00f6 \u00e4r en viktig strategisk fr\u00e5ga f\u00f6r Arboga Milj\u00f6transport.<\/em><\/p><p><em>M\u00e5ls\u00e4ttningen med Arboga Milj\u00f6transport:s systematiska arbetsmilj\u00f6arbete \u00e4r att skapa en arbetsplats som upplevs utvecklande, trygg och stimulerande f\u00f6r alla medarbetare. Detta uppn\u00e5s genom att integrera h\u00e4lsa och s\u00e4kerhet i allt vi g\u00f6r, uppmuntra ledarskap som fr\u00e4mjar s\u00e4kerhet och h\u00e4lsa.<\/em><\/p><p><em>AMT arbetar p\u00e5 ett systematiskt s\u00e4tt f\u00f6r att minimera eventuellt eliminera all risker f\u00f6r olycksfall samt fysisk eller psykisk oh\u00e4lsa. Stor vikt l\u00e4ggs p\u00e5 f\u00f6rebyggande arbetsmilj\u00f6arbete, vilket sker i n\u00e4ra samarbete mellan ledning, medarbetare och f\u00f6retagsh\u00e4lsov\u00e5rd. Lagstiftning och parts\u00f6verenskommelser \u00e4r minimikrav. Det ligger i AMT:s intresse att uppr\u00e4tth\u00e5lla h\u00f6gre standard \u00e4n detta.<\/em><\/p>\t\t\t\t\t\t\t\t<\/div>\n\t\t\t\t<\/div>\n\t\t\t\t\t<\/div>\n\t\t<\/div>\n\t\t\t\t<div class=\"elementor-column elementor-col-50 elementor-top-column elementor-element elementor-element-2859a94\" data-id=\"2859a94\" data-element_type=\"column\" data-e-type=\"column\">\n\t\t\t<div class=\"elementor-widget-wrap elementor-element-populated\">\n\t\t\t\t\t\t<div class=\"elementor-element elementor-element-2cf5456 elementor-widget elementor-widget-image\" data-id=\"2cf5456\" data-element_type=\"widget\" data-e-type=\"widget\" data-widget_type=\"image.default\">\n\t\t\t\t<div class=\"elementor-widget-container\">\n\t\t\t\t\t\t\t\t\t\t\t\t\t\t\t<img fetchpriority=\"high\" decoding=\"async\" width=\"800\" height=\"532\" src=\"https:\/\/amtransport.se\/wp-content\/uploads\/2023\/09\/solar-2285763_1280-1024x681.jpg\" class=\"attachment-large size-large wp-image-154\" alt=\"\" srcset=\"https:\/\/amtransport.se\/wp-content\/uploads\/2023\/09\/solar-2285763_1280-1024x681.jpg 1024w, https:\/\/amtransport.se\/wp-content\/uploads\/2023\/09\/solar-2285763_1280-300x199.jpg 300w, https:\/\/amtransport.se\/wp-content\/uploads\/2023\/09\/solar-2285763_1280-768x511.jpg 768w, https:\/\/amtransport.se\/wp-content\/uploads\/2023\/09\/solar-2285763_1280.jpg 1280w\" sizes=\"(max-width: 800px) 100vw, 800px\" \/>\t\t\t\t\t\t\t\t\t\t\t\t\t\t\t<\/div>\n\t\t\t\t<\/div>\n\t\t\t\t\t<\/div>\n\t\t<\/div>\n\t\t\t\t\t<\/div>\n\t\t<\/section>\n\t\t\t\t<section class=\"elementor-section elementor-top-section elementor-element elementor-element-772a1a7 elementor-section-boxed elementor-section-height-default elementor-section-height-default\" data-id=\"772a1a7\" data-element_type=\"section\" data-e-type=\"section\" data-settings=\"{&quot;jet_parallax_layout_list&quot;:[],&quot;background_background&quot;:&quot;classic&quot;}\">\n\t\t\t\t\t\t<div class=\"elementor-container elementor-column-gap-default\">\n\t\t\t\t\t<div class=\"elementor-column elementor-col-100 elementor-top-column elementor-element elementor-element-73f15c2\" data-id=\"73f15c2\" data-element_type=\"column\" data-e-type=\"column\">\n\t\t\t<div class=\"elementor-widget-wrap elementor-element-populated\">\n\t\t\t\t\t\t<div class=\"elementor-element elementor-element-414842c elementor-widget elementor-widget-heading\" data-id=\"414842c\" data-element_type=\"widget\" data-e-type=\"widget\" data-widget_type=\"heading.default\">\n\t\t\t\t<div class=\"elementor-widget-container\">\n\t\t\t\t\t<h3 class=\"elementor-heading-title elementor-size-default\">Arboga Milj\u00f6transport:s arbetsmilj\u00f6arbete  <\/h3>\t\t\t\t<\/div>\n\t\t\t\t<\/div>\n\t\t\t\t<div class=\"elementor-element elementor-element-15470cb elementor-widget elementor-widget-text-editor\" data-id=\"15470cb\" data-element_type=\"widget\" data-e-type=\"widget\" data-widget_type=\"text-editor.default\">\n\t\t\t\t<div class=\"elementor-widget-container\">\n\t\t\t\t\t\t\t\t\t<p>Vi inriktar oss framf\u00f6r allt p\u00e5 tre omr\u00e5den vad avser arbetsmilj\u00f6\u00e5tg\u00e4rder, n\u00e4mligen:<\/p><ul><li>fr\u00e4mjande\/f\u00f6rebyggande \u2013 innan n\u00e5got h\u00e4nt<\/li><li>r\u00e5dgivande \u2013 d\u00e5 n\u00e5got \u00e4r p\u00e5 v\u00e4g att h\u00e4nda<\/li><li>behandlande \u2013 d\u00e5 n\u00e5got h\u00e4nt<\/li><\/ul><p>Att k\u00e4nna motivation f\u00f6r sitt arbete \u00e4r grundl\u00e4ggande f\u00f6r en god h\u00e4lsa. Varje medarbetare inom Arboga Milj\u00f6transport ska d\u00e4rf\u00f6r ges f\u00f6ruts\u00e4ttningar att k\u00e4nna till verksamhetens m\u00e5l och vision, f\u00f6rst\u00e5 sin roll och betydelsen av det egna arbetet f\u00f6r att p\u00e5verka sin egen arbetssituation, k\u00e4nna ansvar f\u00f6r uppgift och ha de befogenheter som kr\u00e4vs samt ta ansvar f\u00f6r sin egen h\u00e4lsa.<\/p><p>Verksamheten formulerar detaljerade arbetsmilj\u00f6m\u00e5l f\u00f6r f\u00f6rb\u00e4ttringsarbetet utifr\u00e5n Arboga Milj\u00f6transport:s \u00f6vergripande arbetsmilj\u00f6m\u00e5l och \u2013policy. Arboga Milj\u00f6transport utv\u00e4rderar l\u00f6pande f\u00f6retagets insatser inom arbetsmilj\u00f6omr\u00e5det f\u00f6r att kunna g\u00f6ra st\u00e4ndiga f\u00f6rb\u00e4ttringar i det dagliga arbetsmilj\u00f6arbetet. Stor vikt l\u00e4ggs p\u00e5 f\u00f6rebyggande arbetsmilj\u00f6arbete, vilket sker i n\u00e4ra samarbete mellan ledning, medarbetare och f\u00f6retagsh\u00e4lsov\u00e5rd.<\/p>\t\t\t\t\t\t\t\t<\/div>\n\t\t\t\t<\/div>\n\t\t\t\t<div class=\"elementor-element elementor-element-8334244 elementor-view-default elementor-position-block-start elementor-mobile-position-block-start elementor-widget elementor-widget-icon-box\" data-id=\"8334244\" data-element_type=\"widget\" data-e-type=\"widget\" data-widget_type=\"icon-box.default\">\n\t\t\t\t<div class=\"elementor-widget-container\">\n\t\t\t\t\t\t\t<div class=\"elementor-icon-box-wrapper\">\n\n\t\t\t\t\t\t<div class=\"elementor-icon-box-icon\">\n\t\t\t\t<span  class=\"elementor-icon\">\n\t\t\t\t<i aria-hidden=\"true\" class=\"far fa-file\"><\/i>\t\t\t\t<\/span>\n\t\t\t<\/div>\n\t\t\t\n\t\t\t\t\t\t<div class=\"elementor-icon-box-content\">\n\n\t\t\t\t\t\t\t\t\t<h5 class=\"elementor-icon-box-title\">\n\t\t\t\t\t\t<span  >\n\t\t\t\t\t\t\tArbetsmilj\u00f6 AFS 2001:1\t\t\t\t\t\t<\/span>\n\t\t\t\t\t<\/h5>\n\t\t\t\t\n\t\t\t\t\t\t\t\t\t<p class=\"elementor-icon-box-description\">\n\t\t\t\t\t\tCertifikat\t\t\t\t\t<\/p>\n\t\t\t\t\n\t\t\t<\/div>\n\t\t\t\n\t\t<\/div>\n\t\t\t\t\t\t<\/div>\n\t\t\t\t<\/div>\n\t\t\t\t\t<\/div>\n\t\t<\/div>\n\t\t\t\t\t<\/div>\n\t\t<\/section>\n\t\t\t\t<section class=\"elementor-section elementor-top-section elementor-element elementor-element-88c693f elementor-section-boxed elementor-section-height-default elementor-section-height-default\" data-id=\"88c693f\" data-element_type=\"section\" data-e-type=\"section\" data-settings=\"{&quot;jet_parallax_layout_list&quot;:[]}\">\n\t\t\t\t\t\t<div class=\"elementor-container elementor-column-gap-default\">\n\t\t\t\t\t<div class=\"elementor-column elementor-col-33 elementor-top-column elementor-element elementor-element-e7442ae\" data-id=\"e7442ae\" data-element_type=\"column\" data-e-type=\"column\">\n\t\t\t<div class=\"elementor-widget-wrap elementor-element-populated\">\n\t\t\t\t\t\t<div class=\"elementor-element elementor-element-36a5f44 elementor-widget elementor-widget-image\" data-id=\"36a5f44\" data-element_type=\"widget\" data-e-type=\"widget\" data-widget_type=\"image.default\">\n\t\t\t\t<div class=\"elementor-widget-container\">\n\t\t\t\t\t\t\t\t\t\t\t\t\t\t\t<img decoding=\"async\" width=\"2000\" height=\"928\" src=\"https:\/\/amtransport.se\/wp-content\/uploads\/2023\/09\/9001-6-2.png\" class=\"attachment-full size-full wp-image-178\" alt=\"\" srcset=\"https:\/\/amtransport.se\/wp-content\/uploads\/2023\/09\/9001-6-2.png 2000w, https:\/\/amtransport.se\/wp-content\/uploads\/2023\/09\/9001-6-2-300x139.png 300w, https:\/\/amtransport.se\/wp-content\/uploads\/2023\/09\/9001-6-2-1024x475.png 1024w, https:\/\/amtransport.se\/wp-content\/uploads\/2023\/09\/9001-6-2-768x356.png 768w, https:\/\/amtransport.se\/wp-content\/uploads\/2023\/09\/9001-6-2-1536x713.png 1536w\" sizes=\"(max-width: 2000px) 100vw, 2000px\" \/>\t\t\t\t\t\t\t\t\t\t\t\t\t\t\t<\/div>\n\t\t\t\t<\/div>\n\t\t\t\t\t<\/div>\n\t\t<\/div>\n\t\t\t\t<div class=\"elementor-column elementor-col-33 elementor-top-column elementor-element elementor-element-0572fe4\" data-id=\"0572fe4\" data-element_type=\"column\" data-e-type=\"column\">\n\t\t\t<div class=\"elementor-widget-wrap elementor-element-populated\">\n\t\t\t\t\t\t<div class=\"elementor-element elementor-element-103f2d3 elementor-widget elementor-widget-image\" data-id=\"103f2d3\" data-element_type=\"widget\" data-e-type=\"widget\" data-widget_type=\"image.default\">\n\t\t\t\t<div class=\"elementor-widget-container\">\n\t\t\t\t\t\t\t\t\t\t\t\t\t\t\t<img decoding=\"async\" width=\"400\" height=\"394\" src=\"https:\/\/amtransport.se\/wp-content\/uploads\/2023\/09\/arbetsmilj_2017.jpg\" class=\"attachment-full size-full wp-image-176\" alt=\"\" srcset=\"https:\/\/amtransport.se\/wp-content\/uploads\/2023\/09\/arbetsmilj_2017.jpg 400w, https:\/\/amtransport.se\/wp-content\/uploads\/2023\/09\/arbetsmilj_2017-300x296.jpg 300w\" sizes=\"(max-width: 400px) 100vw, 400px\" \/>\t\t\t\t\t\t\t\t\t\t\t\t\t\t\t<\/div>\n\t\t\t\t<\/div>\n\t\t\t\t\t<\/div>\n\t\t<\/div>\n\t\t\t\t<div class=\"elementor-column elementor-col-33 elementor-top-column elementor-element elementor-element-e835205\" data-id=\"e835205\" data-element_type=\"column\" data-e-type=\"column\">\n\t\t\t<div class=\"elementor-widget-wrap elementor-element-populated\">\n\t\t\t\t\t\t<div class=\"elementor-element elementor-element-cf5af57 elementor-widget elementor-widget-image\" data-id=\"cf5af57\" data-element_type=\"widget\" data-e-type=\"widget\" data-widget_type=\"image.default\">\n\t\t\t\t<div class=\"elementor-widget-container\">\n\t\t\t\t\t\t\t\t\t\t\t\t\t\t\t<img loading=\"lazy\" decoding=\"async\" width=\"2000\" height=\"928\" src=\"https:\/\/amtransport.se\/wp-content\/uploads\/2023\/09\/14001-6-2.png\" class=\"attachment-full size-full wp-image-177\" alt=\"\" srcset=\"https:\/\/amtransport.se\/wp-content\/uploads\/2023\/09\/14001-6-2.png 2000w, https:\/\/amtransport.se\/wp-content\/uploads\/2023\/09\/14001-6-2-300x139.png 300w, https:\/\/amtransport.se\/wp-content\/uploads\/2023\/09\/14001-6-2-1024x475.png 1024w, https:\/\/amtransport.se\/wp-content\/uploads\/2023\/09\/14001-6-2-768x356.png 768w, https:\/\/amtransport.se\/wp-content\/uploads\/2023\/09\/14001-6-2-1536x713.png 1536w\" sizes=\"(max-width: 2000px) 100vw, 2000px\" \/>\t\t\t\t\t\t\t\t\t\t\t\t\t\t\t<\/div>\n\t\t\t\t<\/div>\n\t\t\t\t\t<\/div>\n\t\t<\/div>\n\t\t\t\t\t<\/div>\n\t\t<\/section>\n\t\t\t\t<\/div>\n\t\t","protected":false},"excerpt":{"rendered":"<p>Arbetsmilj\u00f6policy En god och s\u00e4ker arbetsmilj\u00f6 \u00e4r en viktig strategisk fr\u00e5ga f\u00f6r Arboga Milj\u00f6transport. M\u00e5ls\u00e4ttningen med Arboga Milj\u00f6transport:s systematiska arbetsmilj\u00f6arbete \u00e4r att skapa en arbetsplats som upplevs utvecklande, trygg och stimulerande f\u00f6r alla medarbetare. Detta uppn\u00e5s genom att integrera h\u00e4lsa och s\u00e4kerhet i allt vi g\u00f6r, uppmuntra ledarskap som fr\u00e4mjar s\u00e4kerhet och h\u00e4lsa. AMT arbetar [&hellip;]<\/p>\n","protected":false},"author":1,"featured_media":0,"parent":0,"menu_order":0,"comment_status":"closed","ping_status":"closed","template":"","meta":{"footnotes":""},"class_list":["post-167","page","type-page","status-publish","hentry"],"yoast_head":"<!-- This site is optimized with the Yoast SEO plugin v27.5 - https:\/\/yoast.com\/product\/yoast-seo-wordpress\/ -->\n<title>Systematiskt arbetsmilj\u00f6arbete - Arboga Milj\u00f6transport AB<\/title>\n<meta name=\"robots\" content=\"index, follow, max-snippet:-1, max-image-preview:large, max-video-preview:-1\" \/>\n<link rel=\"canonical\" href=\"https:\/\/amtransport.se\/?page_id=167\" \/>\n<meta property=\"og:locale\" content=\"sv_SE\" \/>\n<meta property=\"og:type\" content=\"article\" \/>\n<meta property=\"og:title\" content=\"Systematiskt arbetsmilj\u00f6arbete - Arboga Milj\u00f6transport AB\" \/>\n<meta property=\"og:description\" content=\"Arbetsmilj\u00f6policy En god och s\u00e4ker arbetsmilj\u00f6 \u00e4r en viktig strategisk fr\u00e5ga f\u00f6r Arboga Milj\u00f6transport. M\u00e5ls\u00e4ttningen med Arboga Milj\u00f6transport:s systematiska arbetsmilj\u00f6arbete \u00e4r att skapa en arbetsplats som upplevs utvecklande, trygg och stimulerande f\u00f6r alla medarbetare. Detta uppn\u00e5s genom att integrera h\u00e4lsa och s\u00e4kerhet i allt vi g\u00f6r, uppmuntra ledarskap som fr\u00e4mjar s\u00e4kerhet och h\u00e4lsa. AMT arbetar [&hellip;]\" \/>\n<meta property=\"og:url\" content=\"https:\/\/amtransport.se\/?page_id=167\" \/>\n<meta property=\"og:site_name\" content=\"Arboga Milj\u00f6transport AB\" \/>\n<meta property=\"article:modified_time\" content=\"2023-09-14T00:46:25+00:00\" \/>\n<meta property=\"og:image\" content=\"https:\/\/amtransport.se\/wp-content\/uploads\/2023\/09\/solar-2285763_1280-1024x681.jpg\" \/>\n<meta name=\"twitter:card\" content=\"summary_large_image\" \/>\n<meta name=\"twitter:label1\" content=\"Ber\u00e4knad l\u00e4stid\" \/>\n\t<meta name=\"twitter:data1\" content=\"3 minuter\" \/>\n<script type=\"application\/ld+json\" class=\"yoast-schema-graph\">{\"@context\":\"https:\\\/\\\/schema.org\",\"@graph\":[{\"@type\":\"WebPage\",\"@id\":\"https:\\\/\\\/amtransport.se\\\/?page_id=167\",\"url\":\"https:\\\/\\\/amtransport.se\\\/?page_id=167\",\"name\":\"Systematiskt arbetsmilj\u00f6arbete - Arboga Milj\u00f6transport AB\",\"isPartOf\":{\"@id\":\"https:\\\/\\\/amtransport.se\\\/#website\"},\"primaryImageOfPage\":{\"@id\":\"https:\\\/\\\/amtransport.se\\\/?page_id=167#primaryimage\"},\"image\":{\"@id\":\"https:\\\/\\\/amtransport.se\\\/?page_id=167#primaryimage\"},\"thumbnailUrl\":\"https:\\\/\\\/amtransport.se\\\/wp-content\\\/uploads\\\/2023\\\/09\\\/solar-2285763_1280-1024x681.jpg\",\"datePublished\":\"2023-09-12T23:12:05+00:00\",\"dateModified\":\"2023-09-14T00:46:25+00:00\",\"breadcrumb\":{\"@id\":\"https:\\\/\\\/amtransport.se\\\/?page_id=167#breadcrumb\"},\"inLanguage\":\"sv-SE\",\"potentialAction\":[{\"@type\":\"ReadAction\",\"target\":[\"https:\\\/\\\/amtransport.se\\\/?page_id=167\"]}]},{\"@type\":\"ImageObject\",\"inLanguage\":\"sv-SE\",\"@id\":\"https:\\\/\\\/amtransport.se\\\/?page_id=167#primaryimage\",\"url\":\"https:\\\/\\\/amtransport.se\\\/wp-content\\\/uploads\\\/2023\\\/09\\\/solar-2285763_1280.jpg\",\"contentUrl\":\"https:\\\/\\\/amtransport.se\\\/wp-content\\\/uploads\\\/2023\\\/09\\\/solar-2285763_1280.jpg\",\"width\":1280,\"height\":851},{\"@type\":\"BreadcrumbList\",\"@id\":\"https:\\\/\\\/amtransport.se\\\/?page_id=167#breadcrumb\",\"itemListElement\":[{\"@type\":\"ListItem\",\"position\":1,\"name\":\"Hem\",\"item\":\"https:\\\/\\\/amtransport.se\\\/\"},{\"@type\":\"ListItem\",\"position\":2,\"name\":\"Systematiskt arbetsmilj\u00f6arbete\"}]},{\"@type\":\"WebSite\",\"@id\":\"https:\\\/\\\/amtransport.se\\\/#website\",\"url\":\"https:\\\/\\\/amtransport.se\\\/\",\"name\":\"Arboga Milj\u00f6transport AB\",\"description\":\"\",\"publisher\":{\"@id\":\"https:\\\/\\\/amtransport.se\\\/#organization\"},\"potentialAction\":[{\"@type\":\"SearchAction\",\"target\":{\"@type\":\"EntryPoint\",\"urlTemplate\":\"https:\\\/\\\/amtransport.se\\\/?s={search_term_string}\"},\"query-input\":{\"@type\":\"PropertyValueSpecification\",\"valueRequired\":true,\"valueName\":\"search_term_string\"}}],\"inLanguage\":\"sv-SE\"},{\"@type\":\"Organization\",\"@id\":\"https:\\\/\\\/amtransport.se\\\/#organization\",\"name\":\"Arboga Milj\u00f6transport AB\",\"url\":\"https:\\\/\\\/amtransport.se\\\/\",\"logo\":{\"@type\":\"ImageObject\",\"inLanguage\":\"sv-SE\",\"@id\":\"https:\\\/\\\/amtransport.se\\\/#\\\/schema\\\/logo\\\/image\\\/\",\"url\":\"https:\\\/\\\/amtransport.se\\\/wp-content\\\/uploads\\\/2023\\\/09\\\/amtransport_logo.png\",\"contentUrl\":\"https:\\\/\\\/amtransport.se\\\/wp-content\\\/uploads\\\/2023\\\/09\\\/amtransport_logo.png\",\"width\":220,\"height\":97,\"caption\":\"Arboga Milj\u00f6transport AB\"},\"image\":{\"@id\":\"https:\\\/\\\/amtransport.se\\\/#\\\/schema\\\/logo\\\/image\\\/\"}}]}<\/script>\n<!-- \/ Yoast SEO plugin. -->","yoast_head_json":{"title":"Systematiskt arbetsmilj\u00f6arbete - Arboga Milj\u00f6transport AB","robots":{"index":"index","follow":"follow","max-snippet":"max-snippet:-1","max-image-preview":"max-image-preview:large","max-video-preview":"max-video-preview:-1"},"canonical":"https:\/\/amtransport.se\/?page_id=167","og_locale":"sv_SE","og_type":"article","og_title":"Systematiskt arbetsmilj\u00f6arbete - Arboga Milj\u00f6transport AB","og_description":"Arbetsmilj\u00f6policy En god och s\u00e4ker arbetsmilj\u00f6 \u00e4r en viktig strategisk fr\u00e5ga f\u00f6r Arboga Milj\u00f6transport. M\u00e5ls\u00e4ttningen med Arboga Milj\u00f6transport:s systematiska arbetsmilj\u00f6arbete \u00e4r att skapa en arbetsplats som upplevs utvecklande, trygg och stimulerande f\u00f6r alla medarbetare. Detta uppn\u00e5s genom att integrera h\u00e4lsa och s\u00e4kerhet i allt vi g\u00f6r, uppmuntra ledarskap som fr\u00e4mjar s\u00e4kerhet och h\u00e4lsa. AMT arbetar [&hellip;]","og_url":"https:\/\/amtransport.se\/?page_id=167","og_site_name":"Arboga Milj\u00f6transport AB","article_modified_time":"2023-09-14T00:46:25+00:00","og_image":[{"url":"https:\/\/amtransport.se\/wp-content\/uploads\/2023\/09\/solar-2285763_1280-1024x681.jpg","type":"","width":"","height":""}],"twitter_card":"summary_large_image","twitter_misc":{"Ber\u00e4knad l\u00e4stid":"3 minuter"},"schema":{"@context":"https:\/\/schema.org","@graph":[{"@type":"WebPage","@id":"https:\/\/amtransport.se\/?page_id=167","url":"https:\/\/amtransport.se\/?page_id=167","name":"Systematiskt arbetsmilj\u00f6arbete - Arboga Milj\u00f6transport AB","isPartOf":{"@id":"https:\/\/amtransport.se\/#website"},"primaryImageOfPage":{"@id":"https:\/\/amtransport.se\/?page_id=167#primaryimage"},"image":{"@id":"https:\/\/amtransport.se\/?page_id=167#primaryimage"},"thumbnailUrl":"https:\/\/amtransport.se\/wp-content\/uploads\/2023\/09\/solar-2285763_1280-1024x681.jpg","datePublished":"2023-09-12T23:12:05+00:00","dateModified":"2023-09-14T00:46:25+00:00","breadcrumb":{"@id":"https:\/\/amtransport.se\/?page_id=167#breadcrumb"},"inLanguage":"sv-SE","potentialAction":[{"@type":"ReadAction","target":["https:\/\/amtransport.se\/?page_id=167"]}]},{"@type":"ImageObject","inLanguage":"sv-SE","@id":"https:\/\/amtransport.se\/?page_id=167#primaryimage","url":"https:\/\/amtransport.se\/wp-content\/uploads\/2023\/09\/solar-2285763_1280.jpg","contentUrl":"https:\/\/amtransport.se\/wp-content\/uploads\/2023\/09\/solar-2285763_1280.jpg","width":1280,"height":851},{"@type":"BreadcrumbList","@id":"https:\/\/amtransport.se\/?page_id=167#breadcrumb","itemListElement":[{"@type":"ListItem","position":1,"name":"Hem","item":"https:\/\/amtransport.se\/"},{"@type":"ListItem","position":2,"name":"Systematiskt arbetsmilj\u00f6arbete"}]},{"@type":"WebSite","@id":"https:\/\/amtransport.se\/#website","url":"https:\/\/amtransport.se\/","name":"Arboga Milj\u00f6transport AB","description":"","publisher":{"@id":"https:\/\/amtransport.se\/#organization"},"potentialAction":[{"@type":"SearchAction","target":{"@type":"EntryPoint","urlTemplate":"https:\/\/amtransport.se\/?s={search_term_string}"},"query-input":{"@type":"PropertyValueSpecification","valueRequired":true,"valueName":"search_term_string"}}],"inLanguage":"sv-SE"},{"@type":"Organization","@id":"https:\/\/amtransport.se\/#organization","name":"Arboga Milj\u00f6transport AB","url":"https:\/\/amtransport.se\/","logo":{"@type":"ImageObject","inLanguage":"sv-SE","@id":"https:\/\/amtransport.se\/#\/schema\/logo\/image\/","url":"https:\/\/amtransport.se\/wp-content\/uploads\/2023\/09\/amtransport_logo.png","contentUrl":"https:\/\/amtransport.se\/wp-content\/uploads\/2023\/09\/amtransport_logo.png","width":220,"height":97,"caption":"Arboga Milj\u00f6transport AB"},"image":{"@id":"https:\/\/amtransport.se\/#\/schema\/logo\/image\/"}}]}},"_links":{"self":[{"href":"https:\/\/amtransport.se\/index.php?rest_route=\/wp\/v2\/pages\/167","targetHints":{"allow":["GET"]}}],"collection":[{"href":"https:\/\/amtransport.se\/index.php?rest_route=\/wp\/v2\/pages"}],"about":[{"href":"https:\/\/amtransport.se\/index.php?rest_route=\/wp\/v2\/types\/page"}],"author":[{"embeddable":true,"href":"https:\/\/amtransport.se\/index.php?rest_route=\/wp\/v2\/users\/1"}],"replies":[{"embeddable":true,"href":"https:\/\/amtransport.se\/index.php?rest_route=%2Fwp%2Fv2%2Fcomments&post=167"}],"version-history":[{"count":19,"href":"https:\/\/amtransport.se\/index.php?rest_route=\/wp\/v2\/pages\/167\/revisions"}],"predecessor-version":[{"id":328,"href":"https:\/\/amtransport.se\/index.php?rest_route=\/wp\/v2\/pages\/167\/revisions\/328"}],"wp:attachment":[{"href":"https:\/\/amtransport.se\/index.php?rest_route=%2Fwp%2Fv2%2Fmedia&parent=167"}],"curies":[{"name":"wp","href":"https:\/\/api.w.org\/{rel}","templated":true}]}}